{"id":9974,"date":"2015-09-17T14:09:01","date_gmt":"2015-09-17T14:09:01","guid":{"rendered":"https:\/\/www.synnottlawline.ie\/personal-injury-specialists\/"},"modified":"2026-03-16T18:38:02","modified_gmt":"2026-03-16T18:38:02","slug":"personal-injury-specialists","status":"publish","type":"page","link":"https:\/\/www.synnottlawline.ie\/pt-br\/","title":{"rendered":"Home"},"content":{"rendered":"\n<div class=\"wp-block-cover is-light hero\"><span aria-hidden=\"true\" class=\"wp-block-cover__background has-background-dim-0 has-background-dim\"><\/span><img decoding=\"async\" width=\"2400\" height=\"630\" class=\"wp-block-cover__image-background wp-image-4360 img-responsive\" alt=\"\" src=\"https:\/\/www.synnottlawline.ie\/wp-content\/uploads\/2021\/11\/LawlineHomeImage-1.jpg\" style=\"object-position:50% 19%\" data-object-fit=\"cover\" data-object-position=\"50% 19%\" srcset=\"https:\/\/www.synnottlawline.ie\/wp-content\/uploads\/2021\/11\/LawlineHomeImage-1.jpg 2400w, https:\/\/www.synnottlawline.ie\/wp-content\/uploads\/2021\/11\/LawlineHomeImage-1-300x79.jpg 300w, https:\/\/www.synnottlawline.ie\/wp-content\/uploads\/2021\/11\/LawlineHomeImage-1-1024x269.jpg 1024w, https:\/\/www.synnottlawline.ie\/wp-content\/uploads\/2021\/11\/LawlineHomeImage-1-768x202.jpg 768w, https:\/\/www.synnottlawline.ie\/wp-content\/uploads\/2021\/11\/LawlineHomeImage-1-1536x403.jpg 1536w, https:\/\/www.synnottlawline.ie\/wp-content\/uploads\/2021\/11\/LawlineHomeImage-1-2048x538.jpg 2048w, https:\/\/www.synnottlawline.ie\/wp-content\/uploads\/2021\/11\/LawlineHomeImage-1-370x97.jpg 370w\" sizes=\"(max-width: 2400px) 100vw, 2400px\" \/><div class=\"wp-block-cover__inner-container is-layout-flow wp-block-cover-is-layout-flow\">\n<div class=\"wp-block-darvu-blocks-darvu-blocks-10-variable-container-block\"><div class=\"container\" style=\"width:nullpx\"><div class=\"background-colour-panel\">\n<div class=\"wp-block-columns is-layout-flex wp-container-core-columns-is-layout-1 wp-block-columns-is-layout-flex\">\n<div class=\"wp-block-column is-layout-flow wp-block-column-is-layout-flow\">\n<p class=\"home-hero-text has-grey-med-color has-text-color\" style=\"font-size:40px\"><strong>Com Synnott Lawline Solicitors, voc\u00ea segue com a vida enquanto nossos especialistas cuidam do seu caso.<\/strong><\/p>\n\n\n\n<div class=\"wp-block-buttons is-content-justification-left is-layout-flex wp-container-core-buttons-is-layout-1 wp-block-buttons-is-layout-flex\">\n<div class=\"wp-block-button\"><a class=\"wp-block-button__link has-red-background-color has-background wp-element-button\" href=\"https:\/\/www.synnottlawline.ie\/request-solicitor-callback\/\">Conte-nos sobre seu caso<\/a><\/div>\n<\/div>\n<\/div>\n\n\n\n<div class=\"wp-block-column is-layout-flow wp-block-column-is-layout-flow\"><form role=\"search\" method=\"get\" action=\"https:\/\/www.synnottlawline.ie\/pt-br\/\" class=\"wp-block-search__button-inside wp-block-search__icon-button alignright show-desktop-only wp-block-search\"    ><label class=\"wp-block-search__label\" for=\"wp-block-search__input-1\" >Search<\/label><div class=\"wp-block-search__inside-wrapper \"  style=\"width: 100%\"><input class=\"wp-block-search__input\" id=\"wp-block-search__input-1\" placeholder=\"Search\" value=\"\" type=\"search\" name=\"s\" required \/><button aria-label=\"Search\" class=\"wp-block-search__button has-icon wp-element-button\" type=\"submit\" ><svg class=\"search-icon\" viewBox=\"0 0 24 24\" width=\"24\" height=\"24\">\n\t\t\t\t\t<path d=\"M13 5c-3.3 0-6 2.7-6 6 0 1.4.5 2.7 1.3 3.7l-3.8 3.8 1.1 1.1 3.8-3.8c1 .8 2.3 1.3 3.7 1.3 3.3 0 6-2.7 6-6S16.3 5 13 5zm0 10.5c-2.5 0-4.5-2-4.5-4.5s2-4.5 4.5-4.5 4.5 2 4.5 4.5-2 4.5-4.5 4.5z\"><\/path>\n\t\t\t\t<\/svg><\/button><\/div><\/form>\n\n\n<p><\/p>\n<\/div>\n<\/div>\n<\/div><\/div><\/div>\n\n\n\n<p class=\"has-text-align-center has-large-font-size\"><\/p>\n<\/div><\/div>\n\n\n\n<div class=\"wp-block-darvu-blocks-darvu-blocks-10-variable-container-block\"><div class=\"container\" style=\"width:nullpx\"><div class=\"background-colour-panel\">\n<h1 class=\"wp-block-heading\" id=\"h-servicos-de-reclamacoes-de-lesoes-pessoais\">Servi\u00e7os de Reclama\u00e7\u00f5es de Les\u00f5es Pessoais<\/h1>\n\n\n\n<h2 class=\"wp-block-heading\">Sobre nosso escrit\u00f3rio<\/h2>\n\n\n\n<p>Como um dos principais escrit\u00f3rios de advocacia de danos corporais da Irlanda, no Synnott Lawline Solicitors, ajudamos clientes com les\u00f5es graves a garantir um futuro melhor. N\u00e3o importa o qu\u00e3o complexo seu ferimento ou caso de neglig\u00eancia m\u00e9dica possa ser, nossa equipe jur\u00eddica defende nossos clientes para garantir que voc\u00ea recupere pr\u00eamios justos e completos por ferimentos, perdas financeiras e danos.<\/p>\n\n\n\n<p>A Synnott Lawline Solicitors tem um advogado dedicado a falar portugu\u00eas e espanhol para responder \u00e0s suas perguntas legais. Somos um dos principais escrit\u00f3rios de advocacia da Irlanda, especializados em Les\u00f5es Pessoais, Neglig\u00eancia M\u00e9dica e Reclama\u00e7\u00f5es de Cirurgia Pl\u00e1stica e fornecemos consultoria jur\u00eddica especializada h\u00e1 mais de 35 anos. Nossa equipe se dedica a fornecer aos nossos clientes o melhor n\u00edvel de servi\u00e7o de maneira amig\u00e1vel e eficiente<\/p>\n\n\n\n<p>O seu bem-estar \u00e9 a nossa prioridade e estamos empenhados em agir sempre no seu melhor interesse. Oferecemos aten\u00e7\u00e3o pessoal, nossa advogada que fala portugu\u00eas e espanhol, Ana, fornecer\u00e1 conselhos pr\u00e1ticos e imparciais em todas as etapas do processo. Tamb\u00e9m tomamos medidas para garantir que todas as reivindica\u00e7\u00f5es possam ser processadas por telefone, e-mail ou correio, a fim de facilitar a comunica\u00e7\u00e3o e o andamento do processo.<\/p>\n\n\n\n<h2 class=\"wp-block-heading\" id=\"h-contacte-nos-7-dias-por-semana-para-iniciar-a-sua-reclamacao-por-lesoes-pessoais\">Contacte-nos 7 dias por semana para iniciar a sua reclama\u00e7\u00e3o por les\u00f5es pessoais.<\/h2>\n\n\n\n<p>Se voc\u00ea tiver alguma d\u00favida sobre uma reclama\u00e7\u00e3o por les\u00e3o pessoais, entre em contato conosco pelo Tel: 01 453 7890 ou preencha nosso formul\u00e1rio on-line para nos contar sobre seu caso e iniciar sua reclama\u00e7\u00e3o hoje. Nosso escrit\u00f3rio de advocacia est\u00e1 localizado ao lado de Christchurch em Lawline House, High Street, Dublin DO8CX34. Estacionamento na rua dispon\u00edvel.&nbsp;<strong>Tel: 01 453 7890 ou Email: info@lawline.ie<\/strong><\/p>\n<\/div><\/div><\/div>\n\n\n\n<div class=\"wp-block-darvu-blocks-darvu-blocks-09-container-bg-colour-block background-colour-panel undefined\" style=\"background:#fefefe\"><div class=\"container\">\n<div style=\"height:20px\" aria-hidden=\"true\" class=\"wp-block-spacer\"><\/div>\n\n\n\n<div class=\"wp-block-darvu-blocks-darvu-blocks-10-variable-container-block\"><div class=\"container\" style=\"width:nullpx\"><div class=\"background-colour-panel\">\n<div class=\"wp-block-columns is-layout-flex wp-container-core-columns-is-layout-2 wp-block-columns-is-layout-flex\">\n<div class=\"wp-block-column is-layout-flow wp-block-column-is-layout-flow\">\n<h3 class=\"wp-block-heading\" id=\"h-servicos-juridicos-especializados\">Servi\u00e7os jur\u00eddicos especializados<\/h3>\n\n\n\n<p>Com mais de 35 anos de experi\u00eancia, nossa equipe jur\u00eddica est\u00e1 empenhada em oferecer aos nossos clientes o melhor n\u00edvel de servi\u00e7o. Voc\u00ea sofreu uma les\u00e3o devido a um acidente causado por outra parte? Voc\u00ea est\u00e1 procurando um advogado profissional de danos pessoais? Oferecemos servi\u00e7os jur\u00eddicos especializados em todas as \u00e1reas do direito de danos pessoais.<\/p>\n<\/div>\n\n\n\n<div class=\"wp-block-column is-layout-flow wp-block-column-is-layout-flow\">\n<h3 class=\"wp-block-heading\" id=\"h-escritorio-de-advocacia-irlandes-lider\">Escrit\u00f3rio de advocacia irland\u00eas l\u00edder<\/h3>\n\n\n\n<p>Synnott Lawline Solicitors \u00e9 um escrit\u00f3rio de advocacia irland\u00eas l\u00edder com sede em Lawline House Dublin 8. Somos especializados em servi\u00e7os jur\u00eddicos excepcionais com foco em reclama\u00e7\u00f5es de danos pessoais*, neglig\u00eancia m\u00e9dica e reclama\u00e7\u00f5es de cirurgia est\u00e9tica. Com nossa experi\u00eancia jur\u00eddica e hist\u00f3rico comprovado, nossa equipe est\u00e1 em melhor posi\u00e7\u00e3o para oferecer aos nossos clientes servi\u00e7os jur\u00eddicos incompar\u00e1veis.<\/p>\n<\/div>\n\n\n\n<div class=\"wp-block-column is-layout-flow wp-block-column-is-layout-flow\">\n<h3 class=\"wp-block-heading\" id=\"h-conte-nos-sobre-seu-caso\">Conte-nos sobre seu caso<\/h3>\n\n\n\n<p>Se voc\u00ea tiver alguma d\u00favida sobre uma reclama\u00e7\u00e3o por les\u00e3o corporal, entre em contato conosco pelo telefone: 01 453 7890 ou preencha nosso formul\u00e1rio on-line para nos contar sobre seu caso e iniciar sua reclama\u00e7\u00e3o hoje mesmo. Nosso escrit\u00f3rio de advocacia est\u00e1 centralmente localizado ao lado de Christchurch em Lawline House, High Street, Dublin D08CX34. Estacionamento na rua dispon\u00edvel.<\/p>\n<\/div>\n<\/div>\n<\/div><\/div><\/div>\n\n\n\n<div style=\"height:24px\" aria-hidden=\"true\" class=\"wp-block-spacer\"><\/div>\n<\/div><\/div>\n\n\n\n<div class=\"wp-block-darvu-blocks-darvu-blocks-09-container-bg-colour-block background-colour-panel undefined\" style=\"background:#5F4BDB\"><div class=\"container\">\n<p class=\"has-text-align-center has-white-color has-text-color has-large-font-size\">Contacte-nos 7 dias por semana para iniciar a sua reclama\u00e7\u00e3o por les\u00f5es pessoais.<\/p>\n\n\n\n<p class=\"has-text-align-center has-white-color has-text-color has-link-color wp-elements-523d28eff43760d10f893a9162ad594e\">014537890 \/ info@lawline.ie<\/p>\n\n\n\n<div style=\"height:29px\" aria-hidden=\"true\" class=\"wp-block-spacer\"><\/div>\n<\/div><\/div>\n\n\n\n<div class=\"wp-block-darvu-blocks-darvu-blocks-09-container-bg-colour-block background-colour-panel undefined\" style=\"background:#EDF0F7\"><div class=\"container\">\n<div style=\"height:20px\" aria-hidden=\"true\" class=\"wp-block-spacer show-desktop-only\"><\/div>\n\n\n\n<div style=\"height:20px\" aria-hidden=\"true\" class=\"wp-block-spacer\"><\/div>\n\n\n\n<h2 class=\"wp-block-heading has-text-align-center\" id=\"h-tipos-de-servicos-de-reclamacoes-de-lesoes-pessoais-que-fornecemos\" style=\"font-size:32px\">Tipos de Servi\u00e7os de Reclama\u00e7\u00f5es de Les\u00f5es Pessoais que Fornecemos:<\/h2>\n\n\n\n<div style=\"height:20px\" aria-hidden=\"true\" class=\"wp-block-spacer show-desktop-only\"><\/div>\n\n\n\n<div style=\"height:20px\" aria-hidden=\"true\" class=\"wp-block-spacer\"><\/div>\n\n\n\n<div class=\"wp-block-darvu-blocks-darvu-blocks-10-variable-container-block\"><div class=\"container\" style=\"width:nullpx\"><div class=\"background-colour-panel\"><div class=\"BLOCK-areas-repeater darvu-block\" id=\"tdhMvN6Uzr\">\n      <div class=\"area-panels\">\n              <a href=\"\">\n        <div class=\"panel\">\n                    <div class=\"icon-holder\">\n            <img decoding=\"async\" src=\"https:\/\/www.synnottlawline.ie\/wp-content\/uploads\/2024\/10\/lawline-tick-icon.png\" title=\"Reclama\u00e7\u00f5es por Les\u00f5es Pessoais*\" alt=\"Reclama\u00e7\u00f5es por Les\u00f5es Pessoais*\" \/>\n          <\/div>\n          <div class=\"panel-text\">\n            <span class=\"title\">Reclama\u00e7\u00f5es por Les\u00f5es Pessoais*<\/span>\n            <div class=\"text\">Existem v\u00e1rios tipos de acidentes; no trabalho, escolas, locais p\u00fablicos, acidentes rodovi\u00e1rios e muito mais. Se voc\u00ea estiver sofrido uma les\u00e3o devido a um acidente causado por outra pessoa, poder\u00e1 ter direito a reclamar por danos causados pelo mesmo.<\/div>\n          <\/div>\n        <\/div>\n        <\/a>\n            <a href=\"\">\n        <div class=\"panel\">\n                    <div class=\"icon-holder\">\n            <img decoding=\"async\" src=\"https:\/\/www.synnottlawline.ie\/wp-content\/uploads\/2024\/10\/lawline-tick-icon.png\" title=\"Reclama\u00e7\u00f5es de Acidentes de Tr\u00e2nsito*\" alt=\"Reclama\u00e7\u00f5es de Acidentes de Tr\u00e2nsito*\" \/>\n          <\/div>\n          <div class=\"panel-text\">\n            <span class=\"title\">Reclama\u00e7\u00f5es de Acidentes de Tr\u00e2nsito*<\/span>\n            <div class=\"text\">Acidentes de tr\u00e2nsito s\u00e3o infelizmente muito comuns, se voc\u00ea sofreu um acidente como motorista ou passageiro e sofreu les\u00f5es f\u00edsicas, emocionais ou p\u00f3s-traum\u00e1ticas, voc\u00ea pode ter direito a reclamar por danos pessoais.<\/div>\n          <\/div>\n        <\/div>\n        <\/a>\n            <a href=\"\">\n        <div class=\"panel\">\n                    <div class=\"icon-holder\">\n            <img decoding=\"async\" src=\"https:\/\/www.synnottlawline.ie\/wp-content\/uploads\/2024\/10\/lawline-tick-icon.png\" title=\"Reclama\u00e7\u00f5es por Acidentes de Trabalho*\" alt=\"Reclama\u00e7\u00f5es por Acidentes de Trabalho*\" \/>\n          <\/div>\n          <div class=\"panel-text\">\n            <span class=\"title\">Reclama\u00e7\u00f5es por Acidentes de Trabalho*<\/span>\n            <div class=\"text\">Se voc\u00ea sofreu um acidente de trabalho e n\u00e3o foi culpa sua, voc\u00ea pode ter direito a fazer uma reclama\u00e7\u00e3o se sua les\u00e3o ocorreu em um ambiente de escrit\u00f3rio, em um canteiro de obras, restaurante, loja, armaz\u00e9m, f\u00e1brica ou dirigindo para um Empregador.<\/div>\n          <\/div>\n        <\/div>\n        <\/a>\n            <a href=\"\">\n        <div class=\"panel\">\n                    <div class=\"icon-holder\">\n            <img decoding=\"async\" src=\"https:\/\/www.synnottlawline.ie\/wp-content\/uploads\/2024\/10\/lawline-tick-icon.png\" title=\"Reclama\u00e7\u00f5es por Acidentes em Lugar P\u00fablico*\" alt=\"Reclama\u00e7\u00f5es por Acidentes em Lugar P\u00fablico*\" \/>\n          <\/div>\n          <div class=\"panel-text\">\n            <span class=\"title\">Reclama\u00e7\u00f5es por Acidentes em Lugar P\u00fablico*<\/span>\n            <div class=\"text\">As trope\u00e7\u00f5es, escorreg\u00f5es e quedas ocorrem principalmente em cal\u00e7adas p\u00fablicas e pisos molhados, o que pode causar ferimentos graves.<\/div>\n          <\/div>\n        <\/div>\n        <\/a>\n            <a href=\"\">\n        <div class=\"panel\">\n                    <div class=\"icon-holder\">\n            <img decoding=\"async\" src=\"https:\/\/www.synnottlawline.ie\/wp-content\/uploads\/2024\/10\/lawline-tick-icon.png\" title=\"Acidentes envolvendo crian\u00e7as*\" alt=\"Acidentes envolvendo crian\u00e7as*\" \/>\n          <\/div>\n          <div class=\"panel-text\">\n            <span class=\"title\">Acidentes envolvendo crian\u00e7as*<\/span>\n            <div class=\"text\">Ao contr\u00e1rio da lei de les\u00f5es pessoais para adultos (que estabelece 2 anos a partir da data da les\u00e3o para entrar com uma reclama\u00e7\u00e3o), um pai ou respons\u00e1vel pode iniciar o pedido de indeniza\u00e7\u00e3o para a crian\u00e7a 2 anos a partir da data de seu 18\u00ba anivers\u00e1rio.<\/div>\n          <\/div>\n        <\/div>\n        <\/a>\n            <a href=\"\">\n        <div class=\"panel\">\n                    <div class=\"icon-holder\">\n            <img decoding=\"async\" src=\"https:\/\/www.synnottlawline.ie\/wp-content\/uploads\/2024\/10\/lawline-tick-icon.png\" title=\"Reivindica\u00e7\u00f5es por Les\u00f5es Fatais*\" alt=\"Reivindica\u00e7\u00f5es por Les\u00f5es Fatais*\" \/>\n          <\/div>\n          <div class=\"panel-text\">\n            <span class=\"title\">Reivindica\u00e7\u00f5es por Les\u00f5es Fatais*<\/span>\n            <div class=\"text\">Uma a\u00e7\u00e3o de ferimento fatal \u00e9 uma a\u00e7\u00e3o legal tomada quando uma pessoa morre como resultado do ato doloso ou negligente da outra parte. Como por exemplo, acidente de tr\u00e2nsito ou neglig\u00eancia m\u00e9dica.<\/div>\n          <\/div>\n        <\/div>\n        <\/a>\n            <a href=\"\">\n        <div class=\"panel\">\n                    <div class=\"icon-holder\">\n            <img decoding=\"async\" src=\"https:\/\/www.synnottlawline.ie\/wp-content\/uploads\/2024\/10\/lawline-tick-icon.png\" title=\"Reclama\u00e7\u00f5es por les\u00f5es nas costas*\" alt=\"Reclama\u00e7\u00f5es por les\u00f5es nas costas*\" \/>\n          <\/div>\n          <div class=\"panel-text\">\n            <span class=\"title\">Reclama\u00e7\u00f5es por les\u00f5es nas costas*<\/span>\n            <div class=\"text\">Les\u00f5es nas costas ou na coluna podem ser muito graves, resultando em dor cr\u00f4nica com efeitos incapacitantes a longo prazo, causados por; tens\u00f5es, quedas, les\u00f5es esportivas e les\u00f5es causadas no local de trabalho, local p\u00fablico e outros.<\/div>\n          <\/div>\n        <\/div>\n        <\/a>\n            <a href=\"\">\n        <div class=\"panel\">\n                    <div class=\"icon-holder\">\n            <img decoding=\"async\" src=\"https:\/\/www.synnottlawline.ie\/wp-content\/uploads\/2024\/10\/lawline-tick-icon.png\" title=\"Reclama\u00e7\u00f5es por Les\u00f5es na Cabe\u00e7a*\" alt=\"Reclama\u00e7\u00f5es por Les\u00f5es na Cabe\u00e7a*\" \/>\n          <\/div>\n          <div class=\"panel-text\">\n            <span class=\"title\">Reclama\u00e7\u00f5es por Les\u00f5es na Cabe\u00e7a*<\/span>\n            <div class=\"text\">Uma les\u00e3o na cabe\u00e7a \u00e9 qualquer tipo de les\u00e3o no c\u00e9rebro, cr\u00e2nio ou couro cabeludo, que pode variar de contus\u00f5es leves ou uma les\u00e3o cerebral catastr\u00f3fica. Os tipos mais comuns de les\u00f5es na cabe\u00e7a s\u00e3o: Concuss\u00e3o, Fraturas de Cr\u00e2nio e Ferimentos no Couro Cabeludo.<\/div>\n          <\/div>\n        <\/div>\n        <\/a>\n            <a href=\"\">\n        <div class=\"panel\">\n                    <div class=\"icon-holder\">\n            <img decoding=\"async\" src=\"https:\/\/www.synnottlawline.ie\/wp-content\/uploads\/2024\/10\/lawline-tick-icon.png\" title=\"Reivindica\u00e7\u00f5es por Les\u00f5es Esportivas*\" alt=\"Reivindica\u00e7\u00f5es por Les\u00f5es Esportivas*\" \/>\n          <\/div>\n          <div class=\"panel-text\">\n            <span class=\"title\">Reivindica\u00e7\u00f5es por Les\u00f5es Esportivas*<\/span>\n            <div class=\"text\">Pacientes que sofreram les\u00f5es esportivas agudas e cr\u00f4nicas podem ter que passar por cuidados de reabilita\u00e7\u00e3o caros, como terapia ortop\u00e9dica ou fisioterapia para se recuperar. Oferecemos aconselhamento jur\u00eddico especializado em rela\u00e7\u00e3o a reivindica\u00e7\u00f5es de les\u00f5es esportivas.<\/div>\n          <\/div>\n        <\/div>\n        <\/a>\n            <a href=\"\">\n        <div class=\"panel\">\n                    <div class=\"icon-holder\">\n            <img decoding=\"async\" src=\"https:\/\/www.synnottlawline.ie\/wp-content\/uploads\/2024\/10\/lawline-tick-icon.png\" title=\"Reclama\u00e7\u00f5es por Acidentes ocorrido nas F\u00e9rias*\" alt=\"Reclama\u00e7\u00f5es por Acidentes ocorrido nas F\u00e9rias*\" \/>\n          <\/div>\n          <div class=\"panel-text\">\n            <span class=\"title\">Reclama\u00e7\u00f5es por Acidentes ocorrido nas F\u00e9rias*<\/span>\n            <div class=\"text\">Colis\u00f5es rodovi\u00e1rias em viagens e escorreg\u00f5es, trope\u00e7\u00f5es, escorreg\u00f5es e quedas s\u00e3o ocorr\u00eancias familiares nos feriados e f\u00e9rias, e ter que lidar com isso em um pa\u00eds que n\u00e3o fala sua lingua pode aumentar o estresse. Mesmo que voc\u00ea tenha sofrido um acidente no exterior, voc\u00ea ainda pode ter direito a reclamar por sua les\u00e3o.<\/div>\n          <\/div>\n        <\/div>\n        <\/a>\n            <a href=\"\">\n        <div class=\"panel\">\n                    <div class=\"icon-holder\">\n            <img decoding=\"async\" src=\"https:\/\/www.synnottlawline.ie\/wp-content\/uploads\/2024\/10\/lawline-tick-icon.png\" title=\"Reclama\u00e7\u00f5es por Acidentes no Exterior*\" alt=\"Reclama\u00e7\u00f5es por Acidentes no Exterior*\" \/>\n          <\/div>\n          <div class=\"panel-text\">\n            <span class=\"title\">Reclama\u00e7\u00f5es por Acidentes no Exterior*<\/span>\n            <div class=\"text\">Muitas pessoas desconhecem os seus direitos e prerrogativas se tiverem sofrido uma les\u00e3o enquanto estiveram noutro pa\u00eds da UE. Uma parte lesada pode apresentar uma reclama\u00e7\u00e3o no seu pa\u00eds de origem se tiver estado envolvida num acidente na UE.<\/div>\n          <\/div>\n        <\/div>\n        <\/a>\n            <a href=\"\">\n        <div class=\"panel\">\n                    <div class=\"icon-holder\">\n            <img decoding=\"async\" src=\"https:\/\/www.synnottlawline.ie\/wp-content\/uploads\/2024\/10\/lawline-tick-icon.png\" title=\"Reclama\u00e7\u00f5es por Estresse P\u00f3s-Traum\u00e1tico*\" alt=\"Reclama\u00e7\u00f5es por Estresse P\u00f3s-Traum\u00e1tico*\" \/>\n          <\/div>\n          <div class=\"panel-text\">\n            <span class=\"title\">Reclama\u00e7\u00f5es por Estresse P\u00f3s-Traum\u00e1tico*<\/span>\n            <div class=\"text\">As pessoas muitas vezes sofrem de Estresse P\u00f3s-Traum\u00e1tico ap\u00f3s um acidente muito grave e, como resultado, podem sofrer problemas emocionais de longo prazo. Nossos advogados especializados em les\u00f5es pessoais t\u00eam muitos anos de experi\u00eancia em lidar com os problemas complexos e desafiadores enfrentados por pessoas que sofrem de Estresse P\u00f3s-Traum\u00e1tico.<\/div>\n          <\/div>\n        <\/div>\n        <\/a>\n            <a href=\"\">\n        <div class=\"panel\">\n                    <div class=\"icon-holder\">\n            <img decoding=\"async\" src=\"https:\/\/www.synnottlawline.ie\/wp-content\/uploads\/2024\/10\/lawline-tick-icon.png\" title=\"Reclama\u00e7\u00f5es por Les\u00f5es por Ataque de Animais*\" alt=\"Reclama\u00e7\u00f5es por Les\u00f5es por Ataque de Animais*\" \/>\n          <\/div>\n          <div class=\"panel-text\">\n            <span class=\"title\">Reclama\u00e7\u00f5es por Les\u00f5es por Ataque de Animais*<\/span>\n            <div class=\"text\">Se voc\u00ea ou seu filho foi atacado por um c\u00e3o, ent\u00e3o voc\u00ea pode reclamar pelos ferimentos sofridos e pela experi\u00eancia traum\u00e1tica. Isso se aplica em locais p\u00fablicos e em resid\u00eancias particulares.<\/div>\n          <\/div>\n        <\/div>\n        <\/a>\n            <a href=\"\">\n        <div class=\"panel\">\n                    <div class=\"icon-holder\">\n            <img decoding=\"async\" src=\"https:\/\/www.synnottlawline.ie\/wp-content\/uploads\/2024\/10\/lawline-tick-icon.png\" title=\"Reclama\u00e7\u00f5es de responsabilidade do produto*\" alt=\"Reclama\u00e7\u00f5es de responsabilidade do produto*\" \/>\n          <\/div>\n          <div class=\"panel-text\">\n            <span class=\"title\">Reclama\u00e7\u00f5es de responsabilidade do produto*<\/span>\n            <div class=\"text\">\u00c9 poss\u00edvel apresentar uma reclama\u00e7\u00e3o por responsabilidade do produto por qualquer dano f\u00edsico sofrido por um produto defeituoso, bem como por qualquer dano \u00e0 propriedade.<\/div>\n          <\/div>\n        <\/div>\n        <\/a>\n            <a href=\"\">\n        <div class=\"panel\">\n                    <div class=\"icon-holder\">\n            <img decoding=\"async\" src=\"https:\/\/www.synnottlawline.ie\/wp-content\/uploads\/2024\/10\/lawline-tick-icon.png\" title=\"Reclama\u00e7\u00f5es por Les\u00f5es por Amianto*\" alt=\"Reclama\u00e7\u00f5es por Les\u00f5es por Amianto*\" \/>\n          <\/div>\n          <div class=\"panel-text\">\n            <span class=\"title\">Reclama\u00e7\u00f5es por Les\u00f5es por Amianto*<\/span>\n            <div class=\"text\">Na maioria dos casos de exposi\u00e7\u00e3o ao amianto, os m\u00e9dicos podem vincular o diagn\u00f3stico \u00e0 exposi\u00e7\u00e3o \u201cno trabalho\u201d, o que pode resultar em muitas condi\u00e7\u00f5es m\u00e9dicas graves, incluindo: mesotelioma, derrame pleural, c\u00e2ncer de pulm\u00e3o, ov\u00e1rio e test\u00edculos, entre outros.<\/div>\n          <\/div>\n        <\/div>\n        <\/a>\n            <a href=\"\">\n        <div class=\"panel\">\n                    <div class=\"icon-holder\">\n            <img decoding=\"async\" src=\"https:\/\/www.synnottlawline.ie\/wp-content\/uploads\/2024\/10\/lawline-tick-icon.png\" title=\"Reclama\u00e7\u00f5e PIAB*\" alt=\"Reclama\u00e7\u00f5e PIAB*\" \/>\n          <\/div>\n          <div class=\"panel-text\">\n            <span class=\"title\">Reclama\u00e7\u00f5e PIAB*<\/span>\n            <div class=\"text\">Somos especializados em aplica\u00e7\u00f5es ao PIAB, prestando assessoria jur\u00eddica especializada em todo o processo PIAB e garantindo que cada cliente receba todo o nosso cuidado e aten\u00e7\u00e3o. Lidamos com todas as d\u00favidas do PIAB em seu nome.<\/div>\n          <\/div>\n        <\/div>\n        <\/a>\n      <\/div>\n  <\/div>\n\n\n\n<div style=\"height:30px\" aria-hidden=\"true\" class=\"wp-block-spacer\"><\/div>\n\n\n\n<div class=\"wp-block-buttons is-horizontal is-content-justification-center is-layout-flex wp-container-core-buttons-is-layout-2 wp-block-buttons-is-layout-flex\">\n<div class=\"wp-block-button has-custom-font-size has-small-font-size\"><a class=\"wp-block-button__link has-white-color has-purple-light-background-color has-text-color has-background wp-element-button\" href=\"https:\/\/www.synnottlawline.ie\/practice-areas\/\">Read more<\/a><\/div>\n<\/div>\n\n\n\n<div style=\"height:40px\" aria-hidden=\"true\" class=\"wp-block-spacer\"><\/div>\n<\/div><\/div><\/div>\n<\/div><\/div>\n\n\n\n<div style=\"height:21px\" aria-hidden=\"true\" class=\"wp-block-spacer\"><\/div>\n\n\n\n<div class=\"wp-block-darvu-blocks-darvu-blocks-09-container-bg-colour-block background-colour-panel undefined\" style=\"background:#EDF0F7\"><div class=\"container\">\n<div style=\"height:20px\" aria-hidden=\"true\" class=\"wp-block-spacer show-desktop-only\"><\/div>\n\n\n\n<div style=\"height:20px\" aria-hidden=\"true\" class=\"wp-block-spacer\"><\/div>\n\n\n\n<h2 class=\"wp-block-heading has-text-align-center\" id=\"h-reclamacoes-por-negligencia-medica\" style=\"font-size:32px\">Reclama\u00e7\u00f5es por Neglig\u00eancia M\u00e9dica*<\/h2>\n\n\n\n<div style=\"height:20px\" aria-hidden=\"true\" class=\"wp-block-spacer\"><\/div>\n\n\n\n<div class=\"wp-block-darvu-blocks-darvu-blocks-10-variable-container-block\"><div class=\"container\" style=\"width:nullpx\"><div class=\"background-colour-panel\"><div class=\"BLOCK-areas-repeater darvu-block\" id=\"LsK3vc1wtY\">\n      <div class=\"area-panels\">\n              <a href=\"\">\n        <div class=\"panel\">\n                    <div class=\"icon-holder\">\n            <img decoding=\"async\" src=\"https:\/\/www.synnottlawline.ie\/wp-content\/uploads\/2024\/10\/lawline-tick-icon.png\" title=\"Reclama\u00e7\u00f5es por Neglig\u00eancia M\u00e9dica*\" alt=\"Reclama\u00e7\u00f5es por Neglig\u00eancia M\u00e9dica*\" \/>\n          <\/div>\n          <div class=\"panel-text\">\n            <span class=\"title\">Reclama\u00e7\u00f5es por Neglig\u00eancia M\u00e9dica*<\/span>\n            <div class=\"text\">Cada reclama\u00e7\u00e3o por neglig\u00eancia m\u00e9dica \u00e9 diferente, por isso dedicamos algum tempo para conhec\u00ea-lo, entender os efeitos das les\u00f5es e apoi\u00e1-lo em todas as etapas durante sua reclama\u00e7\u00e3o por neglig\u00eancia m\u00e9dica.<\/div>\n          <\/div>\n        <\/div>\n        <\/a>\n            <a href=\"\">\n        <div class=\"panel\">\n                    <div class=\"icon-holder\">\n            <img decoding=\"async\" src=\"https:\/\/www.synnottlawline.ie\/wp-content\/uploads\/2024\/10\/lawline-tick-icon.png\" title=\"Reclama\u00e7\u00f5es por cirurgia pl\u00e1stica*\" alt=\"Reclama\u00e7\u00f5es por cirurgia pl\u00e1stica*\" \/>\n          <\/div>\n          <div class=\"panel-text\">\n            <span class=\"title\">Reclama\u00e7\u00f5es por cirurgia pl\u00e1stica*<\/span>\n            <div class=\"text\">Se voc\u00ea foi submetido a um procedimento cosm\u00e9tico, como aumento de mama, abdominoplastia ou tratamento a laser, cujos resultados foram insatisfat\u00f3rios, voc\u00ea pode ter direito a reclamar por les\u00f5es sofridas.<\/div>\n          <\/div>\n        <\/div>\n        <\/a>\n            <a href=\"\">\n        <div class=\"panel\">\n                    <div class=\"icon-holder\">\n            <img decoding=\"async\" src=\"https:\/\/www.synnottlawline.ie\/wp-content\/uploads\/2024\/10\/lawline-tick-icon.png\" title=\"Reclama\u00e7\u00f5es por Paralisia Cerebral*\" alt=\"Reclama\u00e7\u00f5es por Paralisia Cerebral*\" \/>\n          <\/div>\n          <div class=\"panel-text\">\n            <span class=\"title\">Reclama\u00e7\u00f5es por Paralisia Cerebral*<\/span>\n            <div class=\"text\">A Paralisia Cerebral n\u00e3o \u00e9 progressiva (les\u00e3o \u00fanica no c\u00e9rebro sem degenera\u00e7\u00e3o adicional). Este dano cerebral pode ocorrer durante a gravidez, antes do nascimento ou imediatamente ap\u00f3s o nascimento.<\/div>\n          <\/div>\n        <\/div>\n        <\/a>\n            <a href=\"\">\n        <div class=\"panel\">\n                    <div class=\"icon-holder\">\n            <img decoding=\"async\" src=\"https:\/\/www.synnottlawline.ie\/wp-content\/uploads\/2024\/10\/lawline-tick-icon.png\" title=\"Reclama\u00e7\u00f5es por Acidentes e Emerg\u00eancias (A&#038;E)*\" alt=\"Reclama\u00e7\u00f5es por Acidentes e Emerg\u00eancias (A&#038;E)*\" \/>\n          <\/div>\n          <div class=\"panel-text\">\n            <span class=\"title\">Reclama\u00e7\u00f5es por Acidentes e Emerg\u00eancias (A&#038;E)*<\/span>\n            <div class=\"text\">As reivindica\u00e7\u00f5es de les\u00e3o A&#038;E (Acidente e Emerg\u00eancia) geralmente surgem quando um m\u00e9dico n\u00e3o consegue diagnosticar um paciente ou faz o diagn\u00f3stico errado. Se voc\u00ea sofreu alguma das situa\u00e7\u00f5es acima enquanto esteve na A&#038;E, pode ter o direito de apresentar uma reclama\u00e7\u00e3o por danos pessoais.<\/div>\n          <\/div>\n        <\/div>\n        <\/a>\n            <a href=\"\">\n        <div class=\"panel\">\n                    <div class=\"icon-holder\">\n            <img decoding=\"async\" src=\"https:\/\/www.synnottlawline.ie\/wp-content\/uploads\/2024\/10\/lawline-tick-icon.png\" title=\"Reclama\u00e7\u00f5es por Neglig\u00eancia Dent\u00e1ria*\" alt=\"Reclama\u00e7\u00f5es por Neglig\u00eancia Dent\u00e1ria*\" \/>\n          <\/div>\n          <div class=\"panel-text\">\n            <span class=\"title\">Reclama\u00e7\u00f5es por Neglig\u00eancia Dent\u00e1ria*<\/span>\n            <div class=\"text\">Se fez tratamento dent\u00e1rio na Irlanda ou no estrangeiro com resultados insatisfat\u00f3rios, pode ter direito a reclamar por neglig\u00eancia dent\u00e1ria.<\/div>\n          <\/div>\n        <\/div>\n        <\/a>\n            <a href=\"\">\n        <div class=\"panel\">\n                    <div class=\"icon-holder\">\n            <img decoding=\"async\" src=\"https:\/\/www.synnottlawline.ie\/wp-content\/uploads\/2024\/10\/lawline-tick-icon.png\" title=\"Reivindica\u00e7\u00f5es de Cirurgia de Mama*\" alt=\"Reivindica\u00e7\u00f5es de Cirurgia de Mama*\" \/>\n          <\/div>\n          <div class=\"panel-text\">\n            <span class=\"title\">Reivindica\u00e7\u00f5es de Cirurgia de Mama*<\/span>\n            <div class=\"text\">Lidamos com muitas quest\u00f5es diferentes relacionadas \u00e0 neglig\u00eancia m\u00e9dica\/cir\u00fargica. Em particular, supervisionamos v\u00e1rios casos e reclama\u00e7\u00f5es relacionados a aumento de mama e implantes mam\u00e1rios. Temos experi\u00eancia inigual\u00e1vel nesta \u00e1rea e uma profunda compreens\u00e3o da jornada que um paciente passa dentro da esfera m\u00e9dica.<\/div>\n          <\/div>\n        <\/div>\n        <\/a>\n      <\/div>\n  <\/div>\n\n\n\n<div style=\"height:30px\" aria-hidden=\"true\" class=\"wp-block-spacer\"><\/div>\n\n\n\n<div class=\"wp-block-buttons is-horizontal is-content-justification-center is-layout-flex wp-container-core-buttons-is-layout-3 wp-block-buttons-is-layout-flex\">\n<div class=\"wp-block-button has-custom-font-size has-small-font-size\"><a class=\"wp-block-button__link has-white-color has-purple-light-background-color has-text-color has-background wp-element-button\" href=\"https:\/\/www.synnottlawline.ie\/practice-areas\/\">Read more<\/a><\/div>\n<\/div>\n\n\n\n<div style=\"height:40px\" aria-hidden=\"true\" class=\"wp-block-spacer\"><\/div>\n<\/div><\/div><\/div>\n<\/div><\/div>\n\n\n\n<div style=\"height:24px\" aria-hidden=\"true\" class=\"wp-block-spacer\"><\/div>\n\n\n\n<div class=\"wp-block-darvu-blocks-darvu-blocks-10-variable-container-block\"><div class=\"container\" style=\"width:nullpx\"><div class=\"background-colour-panel\"><div class=\"BLOCK-faq-accordion darvu-block\" id=\"\">\n  <span class=\"title\"><\/span>\n      <ul class=\"accordion\">\n              <li class=\"panel\">\n          <div class=\"question-faq-accordion\">\n            <h2>Se voc\u00ea nos instruiu para iniciarmos a demanda juridica \u2013 aqui est\u00e1 o que faremos a seguir<\/h2>\n            <div class=\"icons\">\n              <img decoding=\"async\" src=\"https:\/\/www.synnottlawline.ie\/wp-content\/themes\/sll_theme_2021\/assets\/img\/faq-open.png\" class=\"open img-responsive\" alt=\"FAQ open icon\" \/>\n              <img decoding=\"async\" src=\"https:\/\/www.synnottlawline.ie\/wp-content\/themes\/sll_theme_2021\/assets\/img\/faq-close.png\" class=\"close img-responsive\" alt=\"FAQ close icon\" \/>\n            <\/div>\n          <\/div>\n          <div class=\"answer\"><ul class=\"ul1\">\n<li class=\"li1\">Os nossos advogados ir\u00e3o orient\u00e1-lo em todas as fases do procedimento de reclama\u00e7\u00e3o;<\/li>\n<li class=\"li1\">Obteremos os relat\u00f3rios m\u00e9dicos necess\u00e1rios, relat\u00f3rios da Garda e detalhes do acidente;<\/li>\n<li class=\"li1\">Entraremos em contato com as outra parte e te manteremos informado de todos os desenvolvimentos do processo;<\/li>\n<li class=\"li1\">Faremos o registro do seu processo junto ao PIAB (Personal Injuries Assessment Board);<\/li>\n<li class=\"li1\">Investigaremos o caso a fundo e providenciaremos todos os laudos periciais necess\u00e1rios;<\/li>\n<li class=\"li1\">Entraremos em contato com especialistas no assunto como: Barristers, Engenheiros, Contadores e Especialistas M\u00e9dicos;<\/li>\n<li class=\"li1\">Te informaremos sobre o andamento do seu caso \u00e0 medida que ele aconte\u00e7a;<\/li>\n<li class=\"li1\">No caso de a sua reclama\u00e7\u00e3o ultrapassar a fase do PIAB, iremos te aconselhar quanto \u00e0s suas op\u00e7\u00f5es em instaurar processos judiciais;<\/li>\n<li class=\"li1\">Obteremos o melhor resultado poss\u00edvel para o seu caso em termos financeiros.<\/li>\n<\/ul>\n<\/div>\n        <\/li>\n            <li class=\"panel\">\n          <div class=\"question-faq-accordion\">\n            <h2>3 dicas para ir a Corte<\/h2>\n            <div class=\"icons\">\n              <img decoding=\"async\" src=\"https:\/\/www.synnottlawline.ie\/wp-content\/themes\/sll_theme_2021\/assets\/img\/faq-open.png\" class=\"open img-responsive\" alt=\"FAQ open icon\" \/>\n              <img decoding=\"async\" src=\"https:\/\/www.synnottlawline.ie\/wp-content\/themes\/sll_theme_2021\/assets\/img\/faq-close.png\" class=\"close img-responsive\" alt=\"FAQ close icon\" \/>\n            <\/div>\n          <\/div>\n          <div class=\"answer\"><p>1. Ao chegar para o seu caso, \u00e9 importante que voc\u00ea se vista de uma maneira que demonstre o devido respeito a Corte.<br \/>\n2. Se for questionado na Corte, tente evitar dar respostas precipitadas ou confusas.<br \/>\n3. Se voc\u00ea n\u00e3o tiver certeza da resposta de qualquer pergunta, voc\u00ea deve dizer isso ao juiz, e sua equipe jur\u00eddica est\u00e1 l\u00e1 para apoi\u00e1-lo.<\/p>\n<\/div>\n        <\/li>\n            <li class=\"panel\">\n          <div class=\"question-faq-accordion\">\n            <h2>Meu caso ir\u00e1 para a Justi\u00e7a?<\/h2>\n            <div class=\"icons\">\n              <img decoding=\"async\" src=\"https:\/\/www.synnottlawline.ie\/wp-content\/themes\/sll_theme_2021\/assets\/img\/faq-open.png\" class=\"open img-responsive\" alt=\"FAQ open icon\" \/>\n              <img decoding=\"async\" src=\"https:\/\/www.synnottlawline.ie\/wp-content\/themes\/sll_theme_2021\/assets\/img\/faq-close.png\" class=\"close img-responsive\" alt=\"FAQ close icon\" \/>\n            <\/div>\n          <\/div>\n          <div class=\"answer\"><p>Lidamos com todos os casos com base em que eles podem acabar na Corte \u2013 na realidade, os casos nem sempre v\u00e3o ao tribunal e geralmente se resolvem antes. Se a Seguradora dos r\u00e9us n\u00e3o tiver oferecido o suficiente ou n\u00e3o tiver feito nenhuma oferta em seu caso, seu caso poder\u00e1 ir a Corte. No entanto, se alguma oferta foi feita, voc\u00ea (o reclamante) decide se a aceita ou n\u00e3o. O seu advogado ir\u00e1 aconselh\u00e1-lo em rela\u00e7\u00e3o a aceitar ou rejeitar a oferta, mas a decis\u00e3o final \u00e9 sua. Se nenhuma oferta for feita, isso indica que o outro lado est\u00e1 razoavelmente confiante em defender o caso.<\/p>\n<\/div>\n        <\/li>\n            <li class=\"panel\">\n          <div class=\"question-faq-accordion\">\n            <h2>O que acontece se o meu caso for para a Corte?<\/h2>\n            <div class=\"icons\">\n              <img decoding=\"async\" src=\"https:\/\/www.synnottlawline.ie\/wp-content\/themes\/sll_theme_2021\/assets\/img\/faq-open.png\" class=\"open img-responsive\" alt=\"FAQ open icon\" \/>\n              <img decoding=\"async\" src=\"https:\/\/www.synnottlawline.ie\/wp-content\/themes\/sll_theme_2021\/assets\/img\/faq-close.png\" class=\"close img-responsive\" alt=\"FAQ close icon\" \/>\n            <\/div>\n          <\/div>\n          <div class=\"answer\"><p>Se o seu caso for para a Corte, n\u00e3o h\u00e1 motivo para preocupa\u00e7\u00e3o, pois seu advogado o guiar\u00e1 por meio de suas evid\u00eancias. Voc\u00ea simplesmente responde a todas as perguntas com o melhor de sua capacidade. E sua equipe jur\u00eddica estar\u00e1 l\u00e1 para apoi\u00e1-lo durante todo o caso. Voc\u00ea \u00e9 primeiramente examinado por seu pr\u00f3prio advogado, ap\u00f3s o qual, o advogado do r\u00e9u ir\u00e1 interrog\u00e1-lo e tentar obter detalhes de voc\u00ea. Essas quest\u00f5es podem ser favor\u00e1veis ao caso do R\u00e9u. O Juiz tamb\u00e9m pode fazer perguntas.<\/p>\n<\/div>\n        <\/li>\n            <li class=\"panel\">\n          <div class=\"question-faq-accordion\">\n            <h2>Preciso trazer uma testemunha para a Corte?<\/h2>\n            <div class=\"icons\">\n              <img decoding=\"async\" src=\"https:\/\/www.synnottlawline.ie\/wp-content\/themes\/sll_theme_2021\/assets\/img\/faq-open.png\" class=\"open img-responsive\" alt=\"FAQ open icon\" \/>\n              <img decoding=\"async\" src=\"https:\/\/www.synnottlawline.ie\/wp-content\/themes\/sll_theme_2021\/assets\/img\/faq-close.png\" class=\"close img-responsive\" alt=\"FAQ close icon\" \/>\n            <\/div>\n          <\/div>\n          <div class=\"answer\"><p>Ap\u00f3s a conclus\u00e3o de suas provas, as provas de quaisquer outras testemunhas s\u00e3o ouvidas. Isso pode incluir um m\u00e9dico. Suas provas geralmente s\u00e3o admitidas como um Relat\u00f3rio M\u00e9dico entregue ao Juiz. Outras testemunhas podem incluir um engenheiro e qualquer pessoa que tenha testemunhado o evento.<\/p>\n<\/div>\n        <\/li>\n            <li class=\"panel\">\n          <div class=\"question-faq-accordion\">\n            <h2>Como o Juiz chega \u00e0 sua decis\u00e3o sobre responsabilidade?<\/h2>\n            <div class=\"icons\">\n              <img decoding=\"async\" src=\"https:\/\/www.synnottlawline.ie\/wp-content\/themes\/sll_theme_2021\/assets\/img\/faq-open.png\" class=\"open img-responsive\" alt=\"FAQ open icon\" \/>\n              <img decoding=\"async\" src=\"https:\/\/www.synnottlawline.ie\/wp-content\/themes\/sll_theme_2021\/assets\/img\/faq-close.png\" class=\"close img-responsive\" alt=\"FAQ close icon\" \/>\n            <\/div>\n          <\/div>\n          <div class=\"answer\"><p>Quando todas as testemunhas foram ouvidas, e o advogado fez quaisquer pontos relevantes a Corte, o Juiz toma sua decis\u00e3o, muitas vezes no dia, mas ocasionalmente, eles podem adiar o julgamento para outro dia. O juiz profere sua decis\u00e3o sobre a responsabilidade e, se for a favor do Autor, far\u00e1 uma Senten\u00e7a de Indeniza\u00e7\u00e3o como Compensa\u00e7\u00e3o.<\/p>\n<\/div>\n        <\/li>\n        <\/ul>\n    <script type=\"text\/javascript\">\n    \/\/open\/close controls\n    \/*jQuery('.question-faq-accordion').click(\n      function() {\n        \/\/determine if the current panel is open or closed\n        \/\/var parent = jQuery(this).parents('.panel');\n        var parentpanel = jQuery(this).parents('li.panel');\n        parentpanel.find('.answer').toggle('slow');\n        parent.find('.open').toggle();\n        parent.find('.close').toggle();\n        \/\/parentpanel.find('.open').toggle();\n        \/\/parentpanel.find('.close').toggle();\n      }\n    );*\/\n    jQuery('.question-faq-accordion').unbind().click(\n      function() {\n        console.log('clicked');\n        \/\/determine if the current panel is open or closed\n        var parent = jQuery(this).parent();\n        parent.find('.answer').toggle('slow');\n        parent.find('.open').toggle();\n        parent.find('.close').toggle();\n      }\n    );\n  <\/script>\n<\/div>\n<\/div><\/div><\/div>\n\n\n\n<div style=\"height:22px\" aria-hidden=\"true\" class=\"wp-block-spacer\"><\/div>\n\n\n\n<div class=\"wp-block-darvu-blocks-darvu-blocks-10-variable-container-block\"><div class=\"container\" style=\"width:nullpx\"><div class=\"background-colour-panel\"><div class=\"BLOCK-faq-accordion darvu-block\" id=\"PerguntasFrequentessobreReivindica\u00e7\u00f5esdeLes\u00f5es\">\n  <span class=\"title\"> Perguntas Frequentes sobre Reivindica\u00e7\u00f5es de Les\u00f5es<\/span>\n      <ul class=\"accordion\">\n              <li class=\"panel\">\n          <div class=\"question-faq-accordion\">\n            <h2>O que s\u00e3o Danos Gerais?<\/h2>\n            <div class=\"icons\">\n              <img decoding=\"async\" src=\"https:\/\/www.synnottlawline.ie\/wp-content\/themes\/sll_theme_2021\/assets\/img\/faq-open.png\" class=\"open img-responsive\" alt=\"FAQ open icon\" \/>\n              <img decoding=\"async\" src=\"https:\/\/www.synnottlawline.ie\/wp-content\/themes\/sll_theme_2021\/assets\/img\/faq-close.png\" class=\"close img-responsive\" alt=\"FAQ close icon\" \/>\n            <\/div>\n          <\/div>\n          <div class=\"answer\"><p>Danos Gerais em Casos de Danos Pessoais, por exemplo, um Acidente de Tr\u00e2nsito, est\u00e3o em vigor para compens\u00e1-lo pelo impacto que a les\u00e3o tem e ter\u00e1 em sua vida. Isso inclui \u201cdor e sofrimento\u201d leves ou graves sustentados pela les\u00e3o. Essa dor pode ser f\u00edsica, mas tamb\u00e9m psicol\u00f3gica. Leia mais sobre Reivindica\u00e7\u00f5es de estresse p\u00f3s-traum\u00e1tico. O valor concedido tamb\u00e9m ser\u00e1 baseado no impacto de suas les\u00f5es em sua vida di\u00e1ria, como incapacidade de curto prazo ou permanente ou desfigura\u00e7\u00e3o. Uma considera\u00e7\u00e3o adicional para o valor final da compensa\u00e7\u00e3o inclui quais \u00e1reas do corpo foram afetadas tempor\u00e1ria ou permanentemente<\/p>\n<\/div>\n        <\/li>\n            <li class=\"panel\">\n          <div class=\"question-faq-accordion\">\n            <h2>O que s\u00e3o Danos Especiais?<\/h2>\n            <div class=\"icons\">\n              <img decoding=\"async\" src=\"https:\/\/www.synnottlawline.ie\/wp-content\/themes\/sll_theme_2021\/assets\/img\/faq-open.png\" class=\"open img-responsive\" alt=\"FAQ open icon\" \/>\n              <img decoding=\"async\" src=\"https:\/\/www.synnottlawline.ie\/wp-content\/themes\/sll_theme_2021\/assets\/img\/faq-close.png\" class=\"close img-responsive\" alt=\"FAQ close icon\" \/>\n            <\/div>\n          <\/div>\n          <div class=\"answer\"><p>Danos especiais consistem em suas despesas desembolsadas, como perda de ganhos, despesas m\u00e9dicas, despesas de viagem etc.<\/p>\n<\/div>\n        <\/li>\n            <li class=\"panel\">\n          <div class=\"question-faq-accordion\">\n            <h2>Como saber se tenho uma Reivindica\u00e7\u00e3o de Les\u00e3o<\/h2>\n            <div class=\"icons\">\n              <img decoding=\"async\" src=\"https:\/\/www.synnottlawline.ie\/wp-content\/themes\/sll_theme_2021\/assets\/img\/faq-open.png\" class=\"open img-responsive\" alt=\"FAQ open icon\" \/>\n              <img decoding=\"async\" src=\"https:\/\/www.synnottlawline.ie\/wp-content\/themes\/sll_theme_2021\/assets\/img\/faq-close.png\" class=\"close img-responsive\" alt=\"FAQ close icon\" \/>\n            <\/div>\n          <\/div>\n          <div class=\"answer\"><p>Antes de aceitar suas instru\u00e7\u00f5es, discutiremos seu caso com voc\u00ea e informaremos sobre os pontos fortes e fracos (se houver) do seu caso. Em muitos casos, \u00e9 muito claro desde o in\u00edcio que uma parte lesada conseguir\u00e1 ser totalmente indenizada, por exemplo, quando a les\u00e3o resulta de um acidente de carro quando o cliente \u00e9 passageiro. Em alguns casos, os tribunais distribuem a responsabilidade, ou seja, decidem em favor do Autor, mas fazem uma dedu\u00e7\u00e3o do valor total do caso com base na \u201cneglig\u00eancia contributiva\u201d do Autor.<\/p>\n<\/div>\n        <\/li>\n            <li class=\"panel\">\n          <div class=\"question-faq-accordion\">\n            <h2>E se eu fosse parcialmente culpado pelo acidente?<\/h2>\n            <div class=\"icons\">\n              <img decoding=\"async\" src=\"https:\/\/www.synnottlawline.ie\/wp-content\/themes\/sll_theme_2021\/assets\/img\/faq-open.png\" class=\"open img-responsive\" alt=\"FAQ open icon\" \/>\n              <img decoding=\"async\" src=\"https:\/\/www.synnottlawline.ie\/wp-content\/themes\/sll_theme_2021\/assets\/img\/faq-close.png\" class=\"close img-responsive\" alt=\"FAQ close icon\" \/>\n            <\/div>\n          <\/div>\n          <div class=\"answer\"><p>\u00c9 importante notar que muitas reclama\u00e7\u00f5es v\u00e1lidas nunca s\u00e3o apresentadas porque a parte lesada sente que o acidente foi sua pr\u00f3pria culpa, enquanto a causa principal do acidente pode muito bem ser de outra parte, e o descuido da pr\u00f3pria parte lesada pode ter sido apenas um fator contribuinte. Nesses casos, os tribunais podem atribuir responsabilidade. Portanto, \u00e9 sempre aconselh\u00e1vel consultar um advogado sobre qualquer les\u00e3o resultante de um acidente.<\/p>\n<\/div>\n        <\/li>\n            <li class=\"panel\">\n          <div class=\"question-faq-accordion\">\n            <h2>Quanto tempo demora para receber o pagamento ap\u00f3s a liquida\u00e7\u00e3o?<\/h2>\n            <div class=\"icons\">\n              <img decoding=\"async\" src=\"https:\/\/www.synnottlawline.ie\/wp-content\/themes\/sll_theme_2021\/assets\/img\/faq-open.png\" class=\"open img-responsive\" alt=\"FAQ open icon\" \/>\n              <img decoding=\"async\" src=\"https:\/\/www.synnottlawline.ie\/wp-content\/themes\/sll_theme_2021\/assets\/img\/faq-close.png\" class=\"close img-responsive\" alt=\"FAQ close icon\" \/>\n            <\/div>\n          <\/div>\n          <div class=\"answer\"><p>Ap\u00f3s um acordo ou uma senten\u00e7a judicial, normalmente leva cerca de 4 semanas para que o pagamento seja emitido pelas principais seguradoras. As autoridades locais podem levar mais tempo, geralmente cerca de 4 a 8 semanas.<\/p>\n<\/div>\n        <\/li>\n            <li class=\"panel\">\n          <div class=\"question-faq-accordion\">\n            <h2>Quem paga o Pr\u00eamio de Compensa\u00e7\u00e3o?<\/h2>\n            <div class=\"icons\">\n              <img decoding=\"async\" src=\"https:\/\/www.synnottlawline.ie\/wp-content\/themes\/sll_theme_2021\/assets\/img\/faq-open.png\" class=\"open img-responsive\" alt=\"FAQ open icon\" \/>\n              <img decoding=\"async\" src=\"https:\/\/www.synnottlawline.ie\/wp-content\/themes\/sll_theme_2021\/assets\/img\/faq-close.png\" class=\"close img-responsive\" alt=\"FAQ close icon\" \/>\n            <\/div>\n          <\/div>\n          <div class=\"answer\"><p>Um valor de compensa\u00e7\u00e3o \u00e9 oferecido em primeiro lugar pela Seguradora dos r\u00e9us. As companhias de seguros muitas vezes fazem uma oferta de baixo valor ao seu advogado. \u00c9 sempre o objetivo da companhia de seguros pagar menos dinheiro. Na maioria dos casos, seu advogado rejeitar\u00e1 esta oferta quando o r\u00e9u parecer ser respons\u00e1vel.<br \/>\nOs r\u00e9us e suas companhias de seguros v\u00e3o querer evitar a despesa de ir a Corte.<br \/>\nUma vez que a companhia de seguros perceba a posi\u00e7\u00e3o de responsabilidade do r\u00e9u, uma oferta de acordo apropriada ser\u00e1 feita. Se o caso for complicado, isso pode causar atrasos.<br \/>\nUma vez que uma companhia de seguros tenha admitido a responsabilidade em nome do r\u00e9u e concordado em processar a reivindica\u00e7\u00e3o, isso se move rapidamente. Normalmente, o reclamante receber\u00e1 seu pagamento de compensa\u00e7\u00e3o (da oferta inicial \u00e0 oferta acordada) dentro de algumas semanas<\/p>\n<\/div>\n        <\/li>\n        <\/ul>\n    <script type=\"text\/javascript\">\n    \/\/open\/close controls\n    \/*jQuery('.question-faq-accordion').click(\n      function() {\n        \/\/determine if the current panel is open or closed\n        \/\/var parent = jQuery(this).parents('.panel');\n        var parentpanel = jQuery(this).parents('li.panel');\n        parentpanel.find('.answer').toggle('slow');\n        parent.find('.open').toggle();\n        parent.find('.close').toggle();\n        \/\/parentpanel.find('.open').toggle();\n        \/\/parentpanel.find('.close').toggle();\n      }\n    );*\/\n    jQuery('.question-faq-accordion').unbind().click(\n      function() {\n        console.log('clicked');\n        \/\/determine if the current panel is open or closed\n        var parent = jQuery(this).parent();\n        parent.find('.answer').toggle('slow');\n        parent.find('.open').toggle();\n        parent.find('.close').toggle();\n      }\n    );\n  <\/script>\n<\/div>\n<\/div><\/div><\/div>\n\n\n\n<div style=\"height:22px\" aria-hidden=\"true\" class=\"wp-block-spacer\"><\/div>\n\n\n\n<div style=\"height:20px\" aria-hidden=\"true\" class=\"wp-block-spacer\"><\/div>\n\n\n\n<div class=\"wp-block-cover is-light\"><span aria-hidden=\"true\" class=\"wp-block-cover__background has-background-dim\"><\/span><img decoding=\"async\" width=\"2400\" height=\"1000\" class=\"wp-block-cover__image-background wp-image-9259 img-responsive\" alt=\"\" src=\"http:\/\/www.synnottlawline.ie\/wp-content\/uploads\/2023\/09\/general-paracitce-solicitor-dublin-lawline.jpg\" data-object-fit=\"cover\" srcset=\"https:\/\/www.synnottlawline.ie\/wp-content\/uploads\/2023\/09\/general-paracitce-solicitor-dublin-lawline.jpg 2400w, https:\/\/www.synnottlawline.ie\/wp-content\/uploads\/2023\/09\/general-paracitce-solicitor-dublin-lawline-300x125.jpg 300w, https:\/\/www.synnottlawline.ie\/wp-content\/uploads\/2023\/09\/general-paracitce-solicitor-dublin-lawline-1024x427.jpg 1024w, https:\/\/www.synnottlawline.ie\/wp-content\/uploads\/2023\/09\/general-paracitce-solicitor-dublin-lawline-768x320.jpg 768w, https:\/\/www.synnottlawline.ie\/wp-content\/uploads\/2023\/09\/general-paracitce-solicitor-dublin-lawline-1536x640.jpg 1536w, https:\/\/www.synnottlawline.ie\/wp-content\/uploads\/2023\/09\/general-paracitce-solicitor-dublin-lawline-2048x853.jpg 2048w, https:\/\/www.synnottlawline.ie\/wp-content\/uploads\/2023\/09\/general-paracitce-solicitor-dublin-lawline-370x154.jpg 370w\" sizes=\"(max-width: 2400px) 100vw, 2400px\" \/><div class=\"wp-block-cover__inner-container is-layout-flow wp-block-cover-is-layout-flow\">\n<p class=\"has-text-align-center has-white-color has-text-color has-large-font-size\">Departamento Jur\u00eddico de Cl\u00ednica Geral<\/p>\n\n\n\n<div class=\"wp-block-darvu-blocks-darvu-blocks-10-variable-container-block\"><div class=\"container\" style=\"width:nullpx\"><div class=\"background-colour-panel\">\n<p class=\"has-text-align-center has-white-color has-text-color\">Nosso departamento de cl\u00ednica geral oferece servi\u00e7os especializados e aconselhamento abrangendo uma ampla gama de quest\u00f5es jur\u00eddicas. Se voc\u00ea estiver enfrentando uma quest\u00e3o jur\u00eddica, \u00e9 importante consultar um advogado para discutir suas op\u00e7\u00f5es. Nossa equipe est\u00e1 aqui para ajud\u00e1-lo a navegar no complexo sistema jur\u00eddico e proteger seus direitos. Lei de fam\u00edlia. Lei trabalhista. Ofensas de Tr\u00e2nsito Raod. Disputas entre propriet\u00e1rios e inquilinos. Autoriza\u00e7\u00f5es de trabalho. Testamentos e invent\u00e1rios.<\/p>\n<\/div><\/div><\/div>\n\n\n\n<div class=\"wp-block-buttons is-content-justification-center is-layout-flex wp-container-core-buttons-is-layout-4 wp-block-buttons-is-layout-flex\">\n<div class=\"wp-block-button has-custom-font-size has-small-font-size\"><a class=\"wp-block-button__link has-purple-color has-white-background-color has-text-color has-background has-text-align-center wp-element-button\" href=\"https:\/\/www.synnottlawline.ie\/general-practice-law\/\">General practice legal services<\/a><\/div>\n<\/div>\n<\/div><\/div>\n\n\n\n<div style=\"height:17px\" aria-hidden=\"true\" class=\"wp-block-spacer\"><\/div>\n\n\n\n<div class=\"wp-block-darvu-blocks-darvu-blocks-10-variable-container-block\"><div class=\"container\" style=\"width:nullpx\"><div class=\"background-colour-panel\">\n<h2 class=\"wp-block-heading has-text-align-center\" id=\"h-conheca-nossa-experiente-equipe-juridica\">Conhe\u00e7a nossa experiente equipe jur\u00eddica<\/h2>\n\n\n\n<p class=\"has-text-align-center\">Com a nossa experi\u00eancia e conhecimento em todos os tipos de Reclama\u00e7\u00f5es por Les\u00f5es e Neglig\u00eancia M\u00e9dica, em seu nome, representamos voc\u00ea durante todo o Processo Legal. Seja qual for a sua les\u00e3o, estamos aqui para ajud\u00e1-lo a recuperar sua vida. Conhe\u00e7a nossos especialistas jur\u00eddicos de confian\u00e7a.<\/p>\n<\/div><\/div><\/div>\n\n\n\n<div class=\"wp-block-darvu-blocks-darvu-blocks-10-variable-container-block show-desktop-only\"><div class=\"container\" style=\"width:nullpx\"><div class=\"background-colour-panel\">\n<div style=\"height:60px\" aria-hidden=\"true\" class=\"wp-block-spacer\"><\/div>\n\n\n\n<div class=\"wp-block-columns profile-panels is-layout-flex wp-container-core-columns-is-layout-3 wp-block-columns-is-layout-flex\">\n<div class=\"wp-block-column is-layout-flow wp-block-column-is-layout-flow\"><div class=\"wp-block-image\">\n<figure class=\"aligncenter size-full is-resized\"><img decoding=\"async\" width=\"390\" height=\"460\" src=\"https:\/\/www.synnottlawline.ie\/wp-content\/uploads\/2024\/10\/synnott-lawline-team-david-synnott-inujry-law.jpg\" alt=\"synnott-lawline-team-david-synnott-inujry-law\" class=\"wp-image-10470 img-responsive\" style=\"width:170px\" srcset=\"https:\/\/www.synnottlawline.ie\/wp-content\/uploads\/2024\/10\/synnott-lawline-team-david-synnott-inujry-law.jpg 390w, https:\/\/www.synnottlawline.ie\/wp-content\/uploads\/2024\/10\/synnott-lawline-team-david-synnott-inujry-law-254x300.jpg 254w, https:\/\/www.synnottlawline.ie\/wp-content\/uploads\/2024\/10\/synnott-lawline-team-david-synnott-inujry-law-314x370.jpg 314w\" sizes=\"(max-width: 390px) 100vw, 390px\" \/><figcaption class=\"wp-element-caption\">David Synnott &#8211; Personal Injury Law &#8211; Synnott Lawline Solicitors<\/figcaption><\/figure><\/div>\n\n\n<p class=\"has-text-align-center has-grey-dark-body-color has-text-color\"><strong>David Synnott<\/strong><\/p>\n\n\n\n<p class=\"has-text-align-center has-purple-light-color has-text-color\">Principal<\/p>\n\n\n\n<div class=\"wp-block-buttons is-horizontal is-content-justification-center is-layout-flex wp-container-core-buttons-is-layout-5 wp-block-buttons-is-layout-flex\">\n<div class=\"wp-block-button has-custom-font-size has-small-font-size\"><a class=\"wp-block-button__link has-purple-light-hover-color has-grey-light-hover-background-color has-text-color has-background wp-element-button\" href=\"https:\/\/www.synnottlawline.ie\/personal-injury-specialists\/legal-team\/\">Read More<\/a><\/div>\n<\/div>\n<\/div>\n\n\n\n<div class=\"wp-block-column is-layout-flow wp-block-column-is-layout-flow\"><div class=\"wp-block-image\">\n<figure class=\"aligncenter size-full is-resized\"><img decoding=\"async\" width=\"390\" height=\"460\" src=\"https:\/\/www.synnottlawline.ie\/wp-content\/uploads\/2024\/10\/synnott-lawline-team-michelle-synnott-injury-law.jpg\" alt=\"Michelle Synnott, Lawyer in office at Synnott Lawline\" class=\"wp-image-10473 img-responsive\" style=\"width:170px\" srcset=\"https:\/\/www.synnottlawline.ie\/wp-content\/uploads\/2024\/10\/synnott-lawline-team-michelle-synnott-injury-law.jpg 390w, https:\/\/www.synnottlawline.ie\/wp-content\/uploads\/2024\/10\/synnott-lawline-team-michelle-synnott-injury-law-254x300.jpg 254w, https:\/\/www.synnottlawline.ie\/wp-content\/uploads\/2024\/10\/synnott-lawline-team-michelle-synnott-injury-law-314x370.jpg 314w\" sizes=\"(max-width: 390px) 100vw, 390px\" \/><figcaption class=\"wp-element-caption\">Michelle Synnott &#8211; Personal Injury Claims &#8211; Synnott Lawline Solicitors<\/figcaption><\/figure><\/div>\n\n\n<p class=\"has-text-align-center has-grey-dark-body-color has-text-color\"><strong>Michelle Synnott<\/strong><\/p>\n\n\n\n<p class=\"has-text-align-center has-purple-light-color has-text-color\">Personal Injury Solicitor<\/p>\n\n\n\n<div class=\"wp-block-buttons is-horizontal is-content-justification-center is-layout-flex wp-container-core-buttons-is-layout-6 wp-block-buttons-is-layout-flex\">\n<div class=\"wp-block-button has-custom-font-size has-small-font-size\"><a class=\"wp-block-button__link has-purple-light-hover-color has-grey-light-hover-background-color has-text-color has-background wp-element-button\" href=\"https:\/\/www.synnottlawline.ie\/personal-injury-specialists\/legal-team\/\">Read More<\/a><\/div>\n<\/div>\n<\/div>\n\n\n\n<div class=\"wp-block-column is-layout-flow wp-block-column-is-layout-flow\"><div class=\"wp-block-image\">\n<figure class=\"aligncenter size-full is-resized\"><img decoding=\"async\" width=\"390\" height=\"460\" src=\"https:\/\/www.synnottlawline.ie\/wp-content\/uploads\/2025\/05\/aimee-mulroy-solicitor-synnott-lawline.jpg\" alt=\"Aimee Mulroy - Solicitor at Synnott Lawline Solicitors\" class=\"wp-image-11893 img-responsive\" style=\"width:170px\" srcset=\"https:\/\/www.synnottlawline.ie\/wp-content\/uploads\/2025\/05\/aimee-mulroy-solicitor-synnott-lawline.jpg 390w, https:\/\/www.synnottlawline.ie\/wp-content\/uploads\/2025\/05\/aimee-mulroy-solicitor-synnott-lawline-254x300.jpg 254w, https:\/\/www.synnottlawline.ie\/wp-content\/uploads\/2025\/05\/aimee-mulroy-solicitor-synnott-lawline-314x370.jpg 314w\" sizes=\"(max-width: 390px) 100vw, 390px\" \/><figcaption class=\"wp-element-caption\">Aimee Mulroy &#8211; Solicitor at Synnott Lawline Solicitors<\/figcaption><\/figure><\/div>\n\n\n<p class=\"has-text-align-center has-grey-dark-body-color has-text-color\"><strong>Aim\u00e8e Mulroy<\/strong><\/p>\n\n\n\n<p class=\"has-text-align-center has-purple-light-color has-text-color\">Family Law Solicitor<\/p>\n\n\n\n<div class=\"wp-block-buttons is-horizontal is-content-justification-center is-layout-flex wp-container-core-buttons-is-layout-7 wp-block-buttons-is-layout-flex\">\n<div class=\"wp-block-button has-custom-font-size has-small-font-size\"><a class=\"wp-block-button__link has-purple-light-hover-color has-grey-light-hover-background-color has-text-color has-background wp-element-button\" href=\"https:\/\/www.synnottlawline.ie\/personal-injury-specialists\/legal-team\/\">Read More<\/a><\/div>\n<\/div>\n<\/div>\n<\/div>\n\n\n\n<div style=\"height:45px\" aria-hidden=\"true\" class=\"wp-block-spacer\"><\/div>\n<\/div><\/div><\/div>\n\n\n\n<div class=\"wp-block-darvu-blocks-darvu-blocks-10-variable-container-block\"><div class=\"container\" style=\"width:nullpx\"><div class=\"background-colour-panel\">\n<div class=\"wp-block-columns is-layout-flex wp-container-core-columns-is-layout-4 wp-block-columns-is-layout-flex\">\n<div class=\"wp-block-column no-win-no-fee has-purple-light-hover-background-color has-background is-layout-flow wp-block-column-is-layout-flow\">\n<h2 class=\"wp-block-heading has-white-color has-text-color\">Reivindicando Acidentes de Tr\u00e2nsito<\/h2>\n\n\n\n<p class=\"has-white-color has-text-color\">Se voc\u00ea foi ferido como resultado de um acidente de tr\u00e2nsito causado por outra parte, (total ou parcialmente) voc\u00ea pode se qualificar para iniciar uma reclama\u00e7\u00e3o por les\u00e3o. Mesmo que a outra parte n\u00e3o tenha seguro, voc\u00ea ainda pode ter direito a indeniza\u00e7\u00e3o por sua les\u00e3o como passageiro, pedestre, ciclista, motociclista, dirigindo para o trabalho em um caminh\u00e3o, \u00f4nibus, carro ou bicicleta. Na maioria dos casos, fica claro de quem \u00e9 a culpa, mas as reclama\u00e7\u00f5es de colis\u00f5es podem ser complexas. Nossa equipe jur\u00eddica ir\u00e1 gui\u00e1-lo por todo o processo de sinistro.<\/p>\n<\/div>\n\n\n\n<div class=\"wp-block-column no-win-no-fee has-red-background-color has-background is-layout-flow wp-block-column-is-layout-flow\">\n<h2 class=\"wp-block-heading has-white-color has-text-color\">Acidentes de ferimento pessoal<\/h2>\n\n\n\n<p class=\"has-white-color has-text-color\">A maior propor\u00e7\u00e3o de sinistros refere-se a acidentes ocorridos em locais como parques infantis, centros de lazer, supermercados, lojas, hot\u00e9is, hospitais, discotecas, restaurantes, parques de divers\u00f5es, ou causados \u200b\u200bpor escadas rolantes, elevadores, ou caminhos mal conservados em parques e outros lugares p\u00fablicos.<br>Voc\u00ea pode ter direito a uma reclama\u00e7\u00e3o por les\u00e3o, mas a lei nesta \u00e1rea pode ser complexa. Nossos advogados ajudar\u00e3o a identificar quem \u00e9 legalmente respons\u00e1vel. Com base na gravidade de seus ferimentos, ganhos perdidos e outras despesas, nossa equipe tamb\u00e9m garantir\u00e1 que voc\u00ea obtenha o melhor resultado do caso.<\/p>\n<\/div>\n\n\n\n<div class=\"wp-block-column no-win-no-fee has-grey-dark-body-background-color has-background is-layout-flow wp-block-column-is-layout-flow\">\n<h2 class=\"wp-block-heading has-white-color has-text-color\">Reclamar por Acidentes de Trabalho<strong>e<\/strong><\/h2>\n\n\n\n<p class=\"has-white-color has-text-color\">Acidentes comuns no local de trabalho envolvem manuseio, levantamento e transporte de maquinas e objetos, escorreg\u00f5es, trope\u00e7\u00f5es, queda de objetos, ferramentas manuais, m\u00e1quinas, queda de alvenaria e muito mais. O Acidente de Trabalho tamb\u00e9m pode ocorrer como resultado da natureza repetitiva das atividades de trabalho ou da aus\u00eancia de treinamento adequado.<br>\u00c9 dever do empregador providenciar um ambiente de trabalho seguro. Se eles n\u00e3o o fizerem, e seus ferimentos foram causados \u200b\u200bpelo empregador ou colega de trabalho, voc\u00ea pode ter direito a iniciar uma reclama\u00e7\u00e3o. Iremos aconselh\u00e1-lo sobre o curso de a\u00e7\u00e3o que melhor se adapta \u00e0 sua circunst\u00e2ncia particular.<\/p>\n<\/div>\n<\/div>\n<\/div><\/div><\/div>\n\n\n\n<div style=\"height:20px\" aria-hidden=\"true\" class=\"wp-block-spacer\"><\/div>\n","protected":false},"excerpt":{"rendered":"","protected":false},"author":2,"featured_media":0,"parent":0,"menu_order":0,"comment_status":"closed","ping_status":"open","template":"","meta":{"_acf_changed":false,"content-type":"","_themeisle_gutenberg_block_has_review":false,"footnotes":""},"class_list":["post-9974","page","type-page","status-publish","hentry"],"acf":[],"yoast_head":"<!-- This site is optimized with the Yoast SEO Premium plugin v26.5 (Yoast SEO v26.5) - https:\/\/yoast.com\/wordpress\/plugins\/seo\/ -->\n<title>Synnott Lawline Solicitors - Personal Injury Law Specialists<\/title>\n<meta name=\"description\" content=\"Leading Irish law firm specialising in legal services for Personal Injury, Medical Negligence and Cosmetic Surgery Claims* Start your claim today.\" \/>\n<meta name=\"robots\" content=\"index, follow, max-snippet:-1, max-image-preview:large, max-video-preview:-1\" \/>\n<link rel=\"canonical\" href=\"https:\/\/www.synnottlawline.ie\/pt-br\/\" \/>\n<meta property=\"og:locale\" content=\"pt_BR\" \/>\n<meta property=\"og:type\" content=\"article\" \/>\n<meta property=\"og:title\" content=\"Home\" \/>\n<meta property=\"og:description\" content=\"Leading Irish law firm specialising in legal services for Personal Injury, Medical Negligence and Cosmetic Surgery Claims* Start your claim today.\" \/>\n<meta property=\"og:url\" content=\"https:\/\/www.synnottlawline.ie\/pt-br\/\" \/>\n<meta property=\"og:site_name\" content=\"Synnott Lawline Solicitors\" \/>\n<meta property=\"article:publisher\" content=\"https:\/\/www.facebook.com\/SynnottLawlineSolicitors\" \/>\n<meta property=\"article:modified_time\" content=\"2026-03-16T18:38:02+00:00\" \/>\n<meta property=\"og:image\" content=\"https:\/\/www.synnottlawline.ie\/wp-content\/uploads\/2021\/11\/LawlineHomeImage-1.jpg\" \/>\n<script type=\"application\/ld+json\" class=\"yoast-schema-graph\">{\"@context\":\"https:\/\/schema.org\",\"@graph\":[{\"@type\":\"WebPage\",\"@id\":\"https:\/\/www.synnottlawline.ie\/pt-br\/\",\"url\":\"https:\/\/www.synnottlawline.ie\/pt-br\/\",\"name\":\"Synnott Lawline Solicitors - Personal Injury Law Specialists\",\"isPartOf\":{\"@id\":\"https:\/\/www.synnottlawline.ie\/pt-br\/#website\"},\"primaryImageOfPage\":{\"@id\":\"https:\/\/www.synnottlawline.ie\/pt-br\/#primaryimage\"},\"image\":{\"@id\":\"https:\/\/www.synnottlawline.ie\/pt-br\/#primaryimage\"},\"thumbnailUrl\":\"https:\/\/www.synnottlawline.ie\/wp-content\/uploads\/2021\/11\/LawlineHomeImage-1.jpg\",\"datePublished\":\"2015-09-17T14:09:01+00:00\",\"dateModified\":\"2026-03-16T18:38:02+00:00\",\"description\":\"Leading Irish law firm specialising in legal services for Personal Injury, Medical Negligence and Cosmetic Surgery Claims* Start your claim today.\",\"breadcrumb\":{\"@id\":\"https:\/\/www.synnottlawline.ie\/pt-br\/#breadcrumb\"},\"inLanguage\":\"pt-BR\",\"potentialAction\":[{\"@type\":\"ReadAction\",\"target\":[\"https:\/\/www.synnottlawline.ie\/pt-br\/\"]}]},{\"@type\":\"ImageObject\",\"inLanguage\":\"pt-BR\",\"@id\":\"https:\/\/www.synnottlawline.ie\/pt-br\/#primaryimage\",\"url\":\"https:\/\/www.synnottlawline.ie\/wp-content\/uploads\/2021\/11\/LawlineHomeImage-1.jpg\",\"contentUrl\":\"https:\/\/www.synnottlawline.ie\/wp-content\/uploads\/2021\/11\/LawlineHomeImage-1.jpg\"},{\"@type\":\"BreadcrumbList\",\"@id\":\"https:\/\/www.synnottlawline.ie\/pt-br\/#breadcrumb\",\"itemListElement\":[{\"@type\":\"ListItem\",\"position\":1,\"name\":\"Home\",\"item\":\"https:\/\/www.synnottlawline.ie\/pt-br\/\"},{\"@type\":\"ListItem\",\"position\":2,\"name\":\"Home\"}]},{\"@type\":\"WebSite\",\"@id\":\"https:\/\/www.synnottlawline.ie\/pt-br\/#website\",\"url\":\"https:\/\/www.synnottlawline.ie\/pt-br\/\",\"name\":\"Synnott Lawline Solicitors\",\"description\":\"Personal Injury Law Specialists\",\"publisher\":{\"@id\":\"https:\/\/www.synnottlawline.ie\/pt-br\/#organization\"},\"alternateName\":\"Synnott Lawline Personal Injury Solicitors\",\"potentialAction\":[{\"@type\":\"SearchAction\",\"target\":{\"@type\":\"EntryPoint\",\"urlTemplate\":\"https:\/\/www.synnottlawline.ie\/pt-br\/?s={search_term_string}\"},\"query-input\":{\"@type\":\"PropertyValueSpecification\",\"valueRequired\":true,\"valueName\":\"search_term_string\"}}],\"inLanguage\":\"pt-BR\"},{\"@type\":\"Organization\",\"@id\":\"https:\/\/www.synnottlawline.ie\/pt-br\/#organization\",\"name\":\"Synnott Lawline Solicitors\",\"alternateName\":\"Lawline Solicitors\",\"url\":\"https:\/\/www.synnottlawline.ie\/pt-br\/\",\"logo\":{\"@type\":\"ImageObject\",\"inLanguage\":\"pt-BR\",\"@id\":\"https:\/\/www.synnottlawline.ie\/pt-br\/#\/schema\/logo\/image\/\",\"url\":\"https:\/\/www.synnottlawline.ie\/wp-content\/uploads\/2025\/04\/Synnott-lawline-Solicitors-logo.png\",\"contentUrl\":\"https:\/\/www.synnottlawline.ie\/wp-content\/uploads\/2025\/04\/Synnott-lawline-Solicitors-logo.png\",\"width\":696,\"height\":696,\"caption\":\"Synnott Lawline Solicitors\"},\"image\":{\"@id\":\"https:\/\/www.synnottlawline.ie\/pt-br\/#\/schema\/logo\/image\/\"},\"sameAs\":[\"https:\/\/www.facebook.com\/SynnottLawlineSolicitors\",\"https:\/\/www.instagram.com\/synnottlawline\/\",\"https:\/\/www.linkedin.com\/company\/lawline-solicitors\/about\/\",\"https:\/\/www.youtube.com\/channel\/UCVPrhu1ZNEFuaZAmJRxw4zA\"],\"description\":\"Synnott Lawline Solicitors is a Dublin-based law firm with over 35 years of experience providing expert legal services in Personal Injury and Medical Negligence claims. Our firm provides expert legal advice and guidance to help our clients secure the compensation needed. We prioritize client service, ensuring clear communication and a straightforward process, communicating in plain language and providing regular updates.\",\"email\":\"info@lawline.ie\",\"telephone\":\"014537890\",\"legalName\":\"Synnott Lawline Solicitors\",\"vatID\":\"3484341H\"}]}<\/script>\n<!-- \/ Yoast SEO Premium plugin. -->","yoast_head_json":{"title":"Synnott Lawline Solicitors - Personal Injury Law Specialists","description":"Leading Irish law firm specialising in legal services for Personal Injury, Medical Negligence and Cosmetic Surgery Claims* Start your claim today.","robots":{"index":"index","follow":"follow","max-snippet":"max-snippet:-1","max-image-preview":"max-image-preview:large","max-video-preview":"max-video-preview:-1"},"canonical":"https:\/\/www.synnottlawline.ie\/pt-br\/","og_locale":"pt_BR","og_type":"article","og_title":"Home","og_description":"Leading Irish law firm specialising in legal services for Personal Injury, Medical Negligence and Cosmetic Surgery Claims* Start your claim today.","og_url":"https:\/\/www.synnottlawline.ie\/pt-br\/","og_site_name":"Synnott Lawline Solicitors","article_publisher":"https:\/\/www.facebook.com\/SynnottLawlineSolicitors","article_modified_time":"2026-03-16T18:38:02+00:00","og_image":[{"url":"https:\/\/www.synnottlawline.ie\/wp-content\/uploads\/2021\/11\/LawlineHomeImage-1.jpg","type":"","width":"","height":""}],"schema":{"@context":"https:\/\/schema.org","@graph":[{"@type":"WebPage","@id":"https:\/\/www.synnottlawline.ie\/pt-br\/","url":"https:\/\/www.synnottlawline.ie\/pt-br\/","name":"Synnott Lawline Solicitors - Personal Injury Law Specialists","isPartOf":{"@id":"https:\/\/www.synnottlawline.ie\/pt-br\/#website"},"primaryImageOfPage":{"@id":"https:\/\/www.synnottlawline.ie\/pt-br\/#primaryimage"},"image":{"@id":"https:\/\/www.synnottlawline.ie\/pt-br\/#primaryimage"},"thumbnailUrl":"https:\/\/www.synnottlawline.ie\/wp-content\/uploads\/2021\/11\/LawlineHomeImage-1.jpg","datePublished":"2015-09-17T14:09:01+00:00","dateModified":"2026-03-16T18:38:02+00:00","description":"Leading Irish law firm specialising in legal services for Personal Injury, Medical Negligence and Cosmetic Surgery Claims* Start your claim today.","breadcrumb":{"@id":"https:\/\/www.synnottlawline.ie\/pt-br\/#breadcrumb"},"inLanguage":"pt-BR","potentialAction":[{"@type":"ReadAction","target":["https:\/\/www.synnottlawline.ie\/pt-br\/"]}]},{"@type":"ImageObject","inLanguage":"pt-BR","@id":"https:\/\/www.synnottlawline.ie\/pt-br\/#primaryimage","url":"https:\/\/www.synnottlawline.ie\/wp-content\/uploads\/2021\/11\/LawlineHomeImage-1.jpg","contentUrl":"https:\/\/www.synnottlawline.ie\/wp-content\/uploads\/2021\/11\/LawlineHomeImage-1.jpg"},{"@type":"BreadcrumbList","@id":"https:\/\/www.synnottlawline.ie\/pt-br\/#breadcrumb","itemListElement":[{"@type":"ListItem","position":1,"name":"Home","item":"https:\/\/www.synnottlawline.ie\/pt-br\/"},{"@type":"ListItem","position":2,"name":"Home"}]},{"@type":"WebSite","@id":"https:\/\/www.synnottlawline.ie\/pt-br\/#website","url":"https:\/\/www.synnottlawline.ie\/pt-br\/","name":"Synnott Lawline Solicitors","description":"Personal Injury Law Specialists","publisher":{"@id":"https:\/\/www.synnottlawline.ie\/pt-br\/#organization"},"alternateName":"Synnott Lawline Personal Injury Solicitors","potentialAction":[{"@type":"SearchAction","target":{"@type":"EntryPoint","urlTemplate":"https:\/\/www.synnottlawline.ie\/pt-br\/?s={search_term_string}"},"query-input":{"@type":"PropertyValueSpecification","valueRequired":true,"valueName":"search_term_string"}}],"inLanguage":"pt-BR"},{"@type":"Organization","@id":"https:\/\/www.synnottlawline.ie\/pt-br\/#organization","name":"Synnott Lawline Solicitors","alternateName":"Lawline Solicitors","url":"https:\/\/www.synnottlawline.ie\/pt-br\/","logo":{"@type":"ImageObject","inLanguage":"pt-BR","@id":"https:\/\/www.synnottlawline.ie\/pt-br\/#\/schema\/logo\/image\/","url":"https:\/\/www.synnottlawline.ie\/wp-content\/uploads\/2025\/04\/Synnott-lawline-Solicitors-logo.png","contentUrl":"https:\/\/www.synnottlawline.ie\/wp-content\/uploads\/2025\/04\/Synnott-lawline-Solicitors-logo.png","width":696,"height":696,"caption":"Synnott Lawline Solicitors"},"image":{"@id":"https:\/\/www.synnottlawline.ie\/pt-br\/#\/schema\/logo\/image\/"},"sameAs":["https:\/\/www.facebook.com\/SynnottLawlineSolicitors","https:\/\/www.instagram.com\/synnottlawline\/","https:\/\/www.linkedin.com\/company\/lawline-solicitors\/about\/","https:\/\/www.youtube.com\/channel\/UCVPrhu1ZNEFuaZAmJRxw4zA"],"description":"Synnott Lawline Solicitors is a Dublin-based law firm with over 35 years of experience providing expert legal services in Personal Injury and Medical Negligence claims. Our firm provides expert legal advice and guidance to help our clients secure the compensation needed. We prioritize client service, ensuring clear communication and a straightforward process, communicating in plain language and providing regular updates.","email":"info@lawline.ie","telephone":"014537890","legalName":"Synnott Lawline Solicitors","vatID":"3484341H"}]}},"_links":{"self":[{"href":"https:\/\/www.synnottlawline.ie\/pt-br\/wp-json\/wp\/v2\/pages\/9974","targetHints":{"allow":["GET"]}}],"collection":[{"href":"https:\/\/www.synnottlawline.ie\/pt-br\/wp-json\/wp\/v2\/pages"}],"about":[{"href":"https:\/\/www.synnottlawline.ie\/pt-br\/wp-json\/wp\/v2\/types\/page"}],"author":[{"embeddable":true,"href":"https:\/\/www.synnottlawline.ie\/pt-br\/wp-json\/wp\/v2\/users\/2"}],"replies":[{"embeddable":true,"href":"https:\/\/www.synnottlawline.ie\/pt-br\/wp-json\/wp\/v2\/comments?post=9974"}],"version-history":[{"count":47,"href":"https:\/\/www.synnottlawline.ie\/pt-br\/wp-json\/wp\/v2\/pages\/9974\/revisions"}],"predecessor-version":[{"id":14116,"href":"https:\/\/www.synnottlawline.ie\/pt-br\/wp-json\/wp\/v2\/pages\/9974\/revisions\/14116"}],"wp:attachment":[{"href":"https:\/\/www.synnottlawline.ie\/pt-br\/wp-json\/wp\/v2\/media?parent=9974"}],"curies":[{"name":"wp","href":"https:\/\/api.w.org\/{rel}","templated":true}]}}